{"id":29007,"date":"2023-01-02T22:00:00","date_gmt":"2023-01-02T21:00:00","guid":{"rendered":"https:\/\/oplc.ch\/?page_id=29007"},"modified":"2023-02-18T22:54:47","modified_gmt":"2023-02-18T21:54:47","slug":"marc-caron","status":"publish","type":"page","link":"https:\/\/oplc.ch\/en\/marc-caron\/","title":{"rendered":"MARC CARON"},"content":{"rendered":"<p>[et_pb_section fb_built=\u00a0\u00bb1&Prime; admin_label=\u00a0\u00bbsection\u00a0\u00bb _builder_version=\u00a0\u00bb4.16&Prime; custom_padding=\u00a0\u00bb0px|0px|0px|0px\u00a0\u00bb transparent_background=\u00a0\u00bboff\u00a0\u00bb make_fullwidth=\u00a0\u00bboff\u00a0\u00bb use_custom_width=\u00a0\u00bboff\u00a0\u00bb width_unit=\u00a0\u00bboff\u00a0\u00bb custom_width_px=\u00a0\u00bb1080px\u00a0\u00bb custom_width_percent=\u00a0\u00bb80%\u00a0\u00bb global_colors_info=\u00a0\u00bb{}\u00a0\u00bb][et_pb_row column_structure=\u00a0\u00bb2_5,3_5&Prime; _builder_version=\u00a0\u00bb4.19.4&Prime; _module_preset=\u00a0\u00bbdefault\u00a0\u00bb global_colors_info=\u00a0\u00bb{}\u00a0\u00bb][et_pb_column type=\u00a0\u00bb2_5&Prime; _builder_version=\u00a0\u00bb4.19.4&Prime; _module_preset=\u00a0\u00bbdefault\u00a0\u00bb global_colors_info=\u00a0\u00bb{}\u00a0\u00bb][et_pb_image src=\u00a0\u00bbhttps:\/\/oplc.ch\/wp-content\/uploads\/2023\/01\/photo-marc-caron-rond_orig.jpg\u00a0\u00bb title_text=\u00a0\u00bbphoto-marc-caron-rond_orig\u00a0\u00bb _builder_version=\u00a0\u00bb4.19.4&Prime; _module_preset=\u00a0\u00bbdefault\u00a0\u00bb custom_padding=\u00a0\u00bb|20px|||false|false\u00a0\u00bb global_colors_info=\u00a0\u00bb{}\u00a0\u00bb][\/et_pb_image][et_pb_text _builder_version=\u00a0\u00bb4.19.4&Prime; _module_preset=\u00a0\u00bbdefault\u00a0\u00bb custom_padding=\u00a0\u00bb|||30px|false|false\u00a0\u00bb global_colors_info=\u00a0\u00bb{}\u00a0\u00bb]<\/p>\n<p style=\"text-align: left;\">Pour contacter Marc Caron :<\/p>\n<p style=\"text-align: left;\">+41 79 698 50 91 <br \/>marc.caron@oplc.ch<\/p>\n<p>[\/et_pb_text][\/et_pb_column][et_pb_column type=\u00a0\u00bb3_5&Prime; _builder_version=\u00a0\u00bb4.19.4&Prime; _module_preset=\u00a0\u00bbdefault\u00a0\u00bb global_colors_info=\u00a0\u00bb{}\u00a0\u00bb][et_pb_text _builder_version=\u00a0\u00bb4.19.4&Prime; _module_preset=\u00a0\u00bbdefault\u00a0\u00bb custom_padding=\u00a0\u00bb50px||50px||false|false\u00a0\u00bb global_colors_info=\u00a0\u00bb{}\u00a0\u00bb]<\/p>\n<h1>Marc Caron<\/h1>\n<h3>Associ\u00e9 S\u00e9nior<\/h3>\n<p>&nbsp;<\/p>\n<p><span style=\"font-size: 15px;\">Dr. Marc Caron, Canadien et Suisse, poss\u00e8de un Ph.D. en Biologie de l\u2019Universit\u00e9 de Lausanne (Suisse) apr\u00e8s avoir suivi des \u00e9tudes universitaires \u00e0 l\u2019Universit\u00e9 de Qu\u00e9bec (Canada) \u2013 Bachelor en Biologie \u00e0 Chicoutimi et Ma\u00eetrise en Biologie \u00e0 Montr\u00e9al. Apr\u00e8s trois ans de recherche post-doctorales dans l\u2019industrie, Marc a commenc\u00e9 une carri\u00e8re dans l\u2019industrie de la sant\u00e9 dans laquelle, au cours des ann\u00e9es, il a obtenu des positions directoriales chez Covance, un leader mondial parmi les organisations de recherche sous-trait\u00e9es par les plus grandes 50 soci\u00e9t\u00e9s pharmaceutiques et biotechnologiques. Au cours d\u2019une carri\u00e8re de 12 ans, Marc Caron a \u00e9t\u00e9 promu depuis Gestionnaire de Projet en charge de grands comptes importants jusqu\u2019\u00e0 Directeur de la Gestion des Projets au niveau global, avant de terminer sa carri\u00e8re chez Covance comme Responsable Global de l\u2019Am\u00e9lioration des Processus, Membre du Comit\u00e9 Global Op\u00e9rationnel. Ensuite Marc a d\u00e9cid\u00e9 de travailler pour un fabricant pharmaceutique, Debiopharm, afin d\u2019exp\u00e9rimenter le contr\u00f4le direct de plusieurs programmes de d\u00e9veloppement de m\u00e9dicament, et ce pendant 6 ans. <\/span><\/p>\n<p>En plus de son Ph.D. en Biologie, Marc est certifi\u00e9 en Gestion des Talents et D\u00e9veloppement des Cadres (par IMD, Suisse), en Economie de la Sant\u00e9 et Gestion de la Sant\u00e9 (par l\u2019Universit\u00e9 de Lausanne) et certifi\u00e9 Black Belt dans la m\u00e9thode Lean Six Sigma (de l\u2019Acad\u00e9mie Six Sigma, Etats-Unis).<\/p>\n<p>Depuis 2014, Dr. Caron s\u2019est dirig\u00e9 vers le conseil et l\u2019enseignement sup\u00e9rieur, avec une concentration sur les organisations de sant\u00e9 et sportives, de m\u00eame que les petites et moyennes entreprises. Ses domaines sp\u00e9cifiques de conseil sont la strat\u00e9gie, la gestion du changement, le coaching, le d\u00e9veloppement des hommes, la s\u00e9lection des cadres (selon le mod\u00e8le de executive targeted selection), \u00e9valuation de la performance, formation des \u00e9quipes et \u00e9videmment, la gestion de projet et l\u2019am\u00e9lioration des processus.<\/p>\n<p>Dans le domaine acad\u00e9mique, Dr. Caron enseigne dans deux Grandes Ecoles de Commerce en Suisse, aux niveaux, bachelor, ma\u00eetrise et doctorat (DBA) dans les domaines list\u00e9s ci-dessus, plus la Gestion des Sports (en parall\u00e8le \u00e0 son activit\u00e9 professionnelle, il a \u00e9t\u00e9 un coach de basketball \u00e0 succ\u00e8s au niveau des ligues nationales en Suisse).<\/p>\n<p>Depuis 2014, Marc Caron est aussi membre du Conseil d\u2019Administration de la Fondation Ressources, une fondation Suisse g\u00e9rant des institutions d\u00e9di\u00e9es au traitement des pathologies addictives \u00e0 la drogue.<\/p>\n<p>[\/et_pb_text][\/et_pb_column][\/et_pb_row][\/et_pb_section]<\/p>\n","protected":false},"excerpt":{"rendered":"<p>Pour contacter Marc Caron : +41 79 698 50 91 marc.caron@oplc.chMarc Caron Associ\u00e9 S\u00e9nior &nbsp; Dr. Marc Caron, Canadien et Suisse, poss\u00e8de un Ph.D. en Biologie de l\u2019Universit\u00e9 de Lausanne (Suisse) apr\u00e8s avoir suivi des \u00e9tudes universitaires \u00e0 l\u2019Universit\u00e9 de Qu\u00e9bec (Canada) \u2013 Bachelor en Biologie \u00e0 Chicoutimi et Ma\u00eetrise en Biologie \u00e0 Montr\u00e9al. Apr\u00e8s [&hellip;]<\/p>\n","protected":false},"author":1,"featured_media":0,"parent":0,"menu_order":0,"comment_status":"closed","ping_status":"closed","template":"","meta":{"_et_pb_use_builder":"on","_et_pb_old_content":"","_et_gb_content_width":"","footnotes":""},"class_list":["post-29007","page","type-page","status-publish","hentry"],"_links":{"self":[{"href":"https:\/\/oplc.ch\/en\/wp-json\/wp\/v2\/pages\/29007","targetHints":{"allow":["GET"]}}],"collection":[{"href":"https:\/\/oplc.ch\/en\/wp-json\/wp\/v2\/pages"}],"about":[{"href":"https:\/\/oplc.ch\/en\/wp-json\/wp\/v2\/types\/page"}],"author":[{"embeddable":true,"href":"https:\/\/oplc.ch\/en\/wp-json\/wp\/v2\/users\/1"}],"replies":[{"embeddable":true,"href":"https:\/\/oplc.ch\/en\/wp-json\/wp\/v2\/comments?post=29007"}],"version-history":[{"count":3,"href":"https:\/\/oplc.ch\/en\/wp-json\/wp\/v2\/pages\/29007\/revisions"}],"predecessor-version":[{"id":29191,"href":"https:\/\/oplc.ch\/en\/wp-json\/wp\/v2\/pages\/29007\/revisions\/29191"}],"wp:attachment":[{"href":"https:\/\/oplc.ch\/en\/wp-json\/wp\/v2\/media?parent=29007"}],"curies":[{"name":"wp","href":"https:\/\/api.w.org\/{rel}","templated":true}]}}